{"id":457,"date":"2021-11-08T15:27:45","date_gmt":"2021-11-08T13:27:45","guid":{"rendered":"https:\/\/binaturalproducts.com\/?post_type=product&#038;p=457"},"modified":"2026-04-25T05:13:29","modified_gmt":"2026-04-25T03:13:29","slug":"balsam-de-buze-cu-portocala-si-vanilie","status":"publish","type":"product","link":"https:\/\/binaturalproducts.com\/ro\/produs\/balsam-de-buze-cu-portocala-si-vanilie\/","title":{"rendered":"Balsam de buze cu portocal\u0103 \u0219i vanilie"},"content":{"rendered":"<div class=\"kvgmc6g5 cxmmr5t8 oygrvhab hcukyx3x c1et5uql ii04i59q\">\n<div dir=\"auto\">Este un balsam de buze care hidrateaz\u0103 profund, poate face un miracol pe buzele tale cr\u0103pate chiar \u0219i \u00een timpul unei nop\u021bi.<\/div>\n<div dir=\"auto\"><\/div>\n<div dir=\"auto\">Nu trebuie s\u0103 face\u021bi altceva dec\u00e2t s\u0103 aplica\u021bi bine pe zona afectat\u0103 \u0219i a\u0219tepta\u021bi efectul.<\/div>\n<div dir=\"auto\"><\/div>\n<div dir=\"auto\">\n<p>Capacitatea special\u0103 de vindecare a r\u0103nilor se datoreaz\u0103 lanolinei \u0219i glicerinei care au un efect de ap\u0103rare \u0219i refacere a pielii uscate, solzoase, cr\u0103pate sau iritate. (Tocmai de aceea sunt ingrediente populare \u0219i \u00een unguentele de farmacie.)<\/p>\n<\/div>\n<\/div>\n<div class=\"o9v6fnle cxmmr5t8 oygrvhab hcukyx3x c1et5uql ii04i59q\">\n<div dir=\"auto\">\n<p>Disponibil \u00eentr-o arom\u0103 delicioas\u0103 de portocal\u0103-vanilie.<span class=\"pq6dq46d tbxw36s4 knj5qynh kvgmc6g5 ditlmg2l oygrvhab nvdbi5me sf5mxxl7 gl3lb2sf hhz5lgdu\"><img loading=\"lazy\" decoding=\"async\" src=\"https:\/\/static.xx.fbcdn.net\/images\/emoji.php\/v9\/t38\/1\/16\/1f34a.png\" alt=\"\ud83c\udf4a Ulei esen\u021bial de portocal\u0103 dulce\" width=\"16\" height=\"16\" \/><\/span><span class=\"pq6dq46d tbxw36s4 knj5qynh kvgmc6g5 ditlmg2l oygrvhab nvdbi5me sf5mxxl7 gl3lb2sf hhz5lgdu\"><img loading=\"lazy\" decoding=\"async\" src=\"https:\/\/static.xx.fbcdn.net\/images\/emoji.php\/v9\/t76\/1\/16\/1f48b.png\" alt=\"\ud83d\udc8b\" width=\"16\" height=\"16\" \/><\/span><\/p>\n<p>&nbsp;<\/p>\n<\/div>\n<div dir=\"auto\">\n<p>Ingrediente: unt de shea, lanolina, ceara de albine, Vitamina E, ulei de ricin, glicerin\u0103, uleiuri esen\u021biale, \u0219i extract de vanilie.<\/p>\n<\/div>\n<\/div>\n<div dir=\"auto\">Mas\u0103: 5 ml<\/div>","protected":false},"excerpt":{"rendered":"<p>Este un balsam de buze care hidrateaz\u0103 profund, poate face un miracol pe buzele tale cr\u0103pate chiar \u0219i \u00een timpul unei nop\u021bi.<\/p>","protected":false},"featured_media":1047,"comment_status":"open","ping_status":"closed","template":"","meta":[],"product_brand":[],"product_cat":[45,32],"product_tag":[],"class_list":{"0":"post-457","1":"product","2":"type-product","3":"status-publish","4":"has-post-thumbnail","6":"product_cat-osszes","7":"product_cat-testapolas","9":"first","10":"outofstock","11":"shipping-taxable","12":"purchasable","13":"product-type-simple"},"yoast_head":"<!-- This site is optimized with the Yoast SEO plugin v27.4 - https:\/\/yoast.com\/product\/yoast-seo-wordpress\/ -->\n<title>Narancsos-van\u00edli\u00e1s ajak\u00edr - Binaturalproducts<\/title>\n<meta name=\"description\" content=\"M\u00e9lyen hidrat\u00e1l\u00f3 ajak\u00edr, amely ak\u00e1r egy \u00e9jszaka alatt csod\u00e1t tud m\u0171velni a kisebzett ajkaidon.\" \/>\n<meta name=\"robots\" content=\"index, follow, max-snippet:-1, max-image-preview:large, max-video-preview:-1\" \/>\n<link rel=\"canonical\" href=\"https:\/\/binaturalproducts.com\/ro\/produs\/balsam-de-buze-cu-portocala-si-vanilie\/\" \/>\n<meta property=\"og:locale\" content=\"ro_RO\" \/>\n<meta property=\"og:type\" content=\"article\" \/>\n<meta property=\"og:title\" content=\"Narancsos-van\u00edli\u00e1s ajak\u00edr - Binaturalproducts\" \/>\n<meta property=\"og:description\" content=\"M\u00e9lyen hidrat\u00e1l\u00f3 ajak\u00edr, amely ak\u00e1r egy \u00e9jszaka alatt csod\u00e1t tud m\u0171velni a kisebzett ajkaidon.\" \/>\n<meta property=\"og:url\" content=\"https:\/\/binaturalproducts.com\/ro\/produs\/balsam-de-buze-cu-portocala-si-vanilie\/\" \/>\n<meta property=\"og:site_name\" content=\"Binaturalproducts\" \/>\n<meta property=\"article:modified_time\" content=\"2026-04-25T03:13:29+00:00\" \/>\n<meta property=\"og:image\" content=\"https:\/\/binaturalproducts.com\/wp-content\/uploads\/2021\/11\/1674595763936.jpg\" \/>\n\t<meta property=\"og:image:width\" content=\"1800\" \/>\n\t<meta property=\"og:image:height\" content=\"1583\" \/>\n\t<meta property=\"og:image:type\" content=\"image\/jpeg\" \/>\n<meta name=\"twitter:card\" content=\"summary_large_image\" \/>\n<meta name=\"twitter:label1\" content=\"Timp estimat pentru citire\" \/>\n\t<meta name=\"twitter:data1\" content=\"2 minute\" \/>\n<script type=\"application\/ld+json\" class=\"yoast-schema-graph\">{\"@context\":\"https:\\\/\\\/schema.org\",\"@graph\":[{\"@type\":\"WebPage\",\"@id\":\"https:\\\/\\\/binaturalproducts.com\\\/termek\\\/narancsos-vanilias-ajakir\\\/\",\"url\":\"https:\\\/\\\/binaturalproducts.com\\\/termek\\\/narancsos-vanilias-ajakir\\\/\",\"name\":\"Narancsos-van\u00edli\u00e1s ajak\u00edr - Binaturalproducts\",\"isPartOf\":{\"@id\":\"https:\\\/\\\/binaturalproducts.com\\\/#website\"},\"primaryImageOfPage\":{\"@id\":\"https:\\\/\\\/binaturalproducts.com\\\/termek\\\/narancsos-vanilias-ajakir\\\/#primaryimage\"},\"image\":{\"@id\":\"https:\\\/\\\/binaturalproducts.com\\\/termek\\\/narancsos-vanilias-ajakir\\\/#primaryimage\"},\"thumbnailUrl\":\"https:\\\/\\\/binaturalproducts.com\\\/wp-content\\\/uploads\\\/2021\\\/11\\\/1674595763936.jpg\",\"datePublished\":\"2021-11-08T13:27:45+00:00\",\"dateModified\":\"2026-04-25T03:13:29+00:00\",\"description\":\"M\u00e9lyen hidrat\u00e1l\u00f3 ajak\u00edr, amely ak\u00e1r egy \u00e9jszaka alatt csod\u00e1t tud m\u0171velni a kisebzett ajkaidon.\",\"breadcrumb\":{\"@id\":\"https:\\\/\\\/binaturalproducts.com\\\/termek\\\/narancsos-vanilias-ajakir\\\/#breadcrumb\"},\"inLanguage\":\"ro-RO\",\"potentialAction\":[{\"@type\":\"ReadAction\",\"target\":[\"https:\\\/\\\/binaturalproducts.com\\\/termek\\\/narancsos-vanilias-ajakir\\\/\"]}]},{\"@type\":\"ImageObject\",\"inLanguage\":\"ro-RO\",\"@id\":\"https:\\\/\\\/binaturalproducts.com\\\/termek\\\/narancsos-vanilias-ajakir\\\/#primaryimage\",\"url\":\"https:\\\/\\\/binaturalproducts.com\\\/wp-content\\\/uploads\\\/2021\\\/11\\\/1674595763936.jpg\",\"contentUrl\":\"https:\\\/\\\/binaturalproducts.com\\\/wp-content\\\/uploads\\\/2021\\\/11\\\/1674595763936.jpg\",\"width\":1800,\"height\":1583,\"caption\":\"Binatural Products - Narancsos-van\u00edli\u00e1s ajak\u00edr\"},{\"@type\":\"BreadcrumbList\",\"@id\":\"https:\\\/\\\/binaturalproducts.com\\\/termek\\\/narancsos-vanilias-ajakir\\\/#breadcrumb\",\"itemListElement\":[{\"@type\":\"ListItem\",\"position\":1,\"name\":\"Kezd\u0151lap\",\"item\":\"https:\\\/\\\/binaturalproducts.com\\\/\"},{\"@type\":\"ListItem\",\"position\":2,\"name\":\"\u00dczlet\",\"item\":\"https:\\\/\\\/binaturalproducts.com\\\/uzlet\\\/\"},{\"@type\":\"ListItem\",\"position\":3,\"name\":\"Narancsos-van\u00edli\u00e1s ajak\u00edr\"}]},{\"@type\":\"WebSite\",\"@id\":\"https:\\\/\\\/binaturalproducts.com\\\/#website\",\"url\":\"https:\\\/\\\/binaturalproducts.com\\\/\",\"name\":\"Binaturalproducts\",\"description\":\"Nat\u00far term\u00e9kek Erd\u00e9ly sz\u00edv\u00e9b\u0151l\",\"potentialAction\":[{\"@type\":\"SearchAction\",\"target\":{\"@type\":\"EntryPoint\",\"urlTemplate\":\"https:\\\/\\\/binaturalproducts.com\\\/?s={search_term_string}\"},\"query-input\":{\"@type\":\"PropertyValueSpecification\",\"valueRequired\":true,\"valueName\":\"search_term_string\"}}],\"inLanguage\":\"ro-RO\"}]}<\/script>\n<!-- \/ Yoast SEO plugin. -->","yoast_head_json":{"title":"Balsam de buze cu portocal\u0103 \u0219i vanilie - Binaturalproducts","description":"Este un balsam de buze care hidrateaz\u0103 profund, poate face un miracol pe buzele tale cr\u0103pate chiar \u0219i \u00een timpul unei nop\u021bi.","robots":{"index":"index","follow":"follow","max-snippet":"max-snippet:-1","max-image-preview":"max-image-preview:large","max-video-preview":"max-video-preview:-1"},"canonical":"https:\/\/binaturalproducts.com\/ro\/produs\/balsam-de-buze-cu-portocala-si-vanilie\/","og_locale":"ro_RO","og_type":"article","og_title":"Narancsos-van\u00edli\u00e1s ajak\u00edr - Binaturalproducts","og_description":"M\u00e9lyen hidrat\u00e1l\u00f3 ajak\u00edr, amely ak\u00e1r egy \u00e9jszaka alatt csod\u00e1t tud m\u0171velni a kisebzett ajkaidon.","og_url":"https:\/\/binaturalproducts.com\/ro\/produs\/balsam-de-buze-cu-portocala-si-vanilie\/","og_site_name":"Binaturalproducts","article_modified_time":"2026-04-25T03:13:29+00:00","og_image":[{"width":1800,"height":1583,"url":"https:\/\/binaturalproducts.com\/wp-content\/uploads\/2021\/11\/1674595763936.jpg","type":"image\/jpeg"}],"twitter_card":"summary_large_image","twitter_misc":{"Timp estimat pentru citire":"2 minute"},"schema":{"@context":"https:\/\/schema.org","@graph":[{"@type":"WebPage","@id":"https:\/\/binaturalproducts.com\/termek\/narancsos-vanilias-ajakir\/","url":"https:\/\/binaturalproducts.com\/termek\/narancsos-vanilias-ajakir\/","name":"Balsam de buze cu portocal\u0103 \u0219i vanilie - Binaturalproducts","isPartOf":{"@id":"https:\/\/binaturalproducts.com\/#website"},"primaryImageOfPage":{"@id":"https:\/\/binaturalproducts.com\/termek\/narancsos-vanilias-ajakir\/#primaryimage"},"image":{"@id":"https:\/\/binaturalproducts.com\/termek\/narancsos-vanilias-ajakir\/#primaryimage"},"thumbnailUrl":"https:\/\/binaturalproducts.com\/wp-content\/uploads\/2021\/11\/1674595763936.jpg","datePublished":"2021-11-08T13:27:45+00:00","dateModified":"2026-04-25T03:13:29+00:00","description":"Este un balsam de buze care hidrateaz\u0103 profund, poate face un miracol pe buzele tale cr\u0103pate chiar \u0219i \u00een timpul unei nop\u021bi.","breadcrumb":{"@id":"https:\/\/binaturalproducts.com\/termek\/narancsos-vanilias-ajakir\/#breadcrumb"},"inLanguage":"ro-RO","potentialAction":[{"@type":"ReadAction","target":["https:\/\/binaturalproducts.com\/termek\/narancsos-vanilias-ajakir\/"]}]},{"@type":"ImageObject","inLanguage":"ro-RO","@id":"https:\/\/binaturalproducts.com\/termek\/narancsos-vanilias-ajakir\/#primaryimage","url":"https:\/\/binaturalproducts.com\/wp-content\/uploads\/2021\/11\/1674595763936.jpg","contentUrl":"https:\/\/binaturalproducts.com\/wp-content\/uploads\/2021\/11\/1674595763936.jpg","width":1800,"height":1583,"caption":"Binatural Products - Narancsos-van\u00edli\u00e1s ajak\u00edr"},{"@type":"BreadcrumbList","@id":"https:\/\/binaturalproducts.com\/termek\/narancsos-vanilias-ajakir\/#breadcrumb","itemListElement":[{"@type":"ListItem","position":1,"name":"Kezd\u0151lap","item":"https:\/\/binaturalproducts.com\/"},{"@type":"ListItem","position":2,"name":"\u00dczlet","item":"https:\/\/binaturalproducts.com\/uzlet\/"},{"@type":"ListItem","position":3,"name":"Narancsos-van\u00edli\u00e1s ajak\u00edr"}]},{"@type":"WebSite","@id":"https:\/\/binaturalproducts.com\/#website","url":"https:\/\/binaturalproducts.com\/","name":"Binaturalproducts","description":"PRODUSE NATURALE DIN INIMA TRANSILVANIEI","potentialAction":[{"@type":"SearchAction","target":{"@type":"EntryPoint","urlTemplate":"https:\/\/binaturalproducts.com\/?s={search_term_string}"},"query-input":{"@type":"PropertyValueSpecification","valueRequired":true,"valueName":"search_term_string"}}],"inLanguage":"ro-RO"}]}},"_links":{"self":[{"href":"https:\/\/binaturalproducts.com\/ro\/wp-json\/wp\/v2\/product\/457","targetHints":{"allow":["GET"]}}],"collection":[{"href":"https:\/\/binaturalproducts.com\/ro\/wp-json\/wp\/v2\/product"}],"about":[{"href":"https:\/\/binaturalproducts.com\/ro\/wp-json\/wp\/v2\/types\/product"}],"replies":[{"embeddable":true,"href":"https:\/\/binaturalproducts.com\/ro\/wp-json\/wp\/v2\/comments?post=457"}],"wp:featuredmedia":[{"embeddable":true,"href":"https:\/\/binaturalproducts.com\/ro\/wp-json\/wp\/v2\/media\/1047"}],"wp:attachment":[{"href":"https:\/\/binaturalproducts.com\/ro\/wp-json\/wp\/v2\/media?parent=457"}],"wp:term":[{"taxonomy":"product_brand","embeddable":true,"href":"https:\/\/binaturalproducts.com\/ro\/wp-json\/wp\/v2\/product_brand?post=457"},{"taxonomy":"product_cat","embeddable":true,"href":"https:\/\/binaturalproducts.com\/ro\/wp-json\/wp\/v2\/product_cat?post=457"},{"taxonomy":"product_tag","embeddable":true,"href":"https:\/\/binaturalproducts.com\/ro\/wp-json\/wp\/v2\/product_tag?post=457"}],"curies":[{"name":"wp","href":"https:\/\/api.w.org\/{rel}","templated":true}]}}