{"id":345,"date":"2021-08-20T13:34:17","date_gmt":"2021-08-20T13:34:17","guid":{"rendered":"https:\/\/binaturalproducts.com\/?post_type=product&#038;p=345"},"modified":"2026-02-09T21:50:15","modified_gmt":"2026-02-09T19:50:15","slug":"pudra-cu-carbune-activ-pentru-albirea-dintilor","status":"publish","type":"product","link":"https:\/\/binaturalproducts.com\/ro\/produs\/pudra-cu-carbune-activ-pentru-albirea-dintilor\/","title":{"rendered":"Pudr\u0103 cu c\u0103rbune activ, pentru albirea din\u021bilor"},"content":{"rendered":"<div class=\"kvgmc6g5 cxmmr5t8 oygrvhab hcukyx3x c1et5uql ii04i59q\">\n<div dir=\"auto\">\n<p><strong>Past\u0103 de din\u021bi proasp\u0103t\u0103 ment\u0103 cu c\u0103rbune activ medical pentru un z\u00e2mbet mai alb!<\/strong><\/p>\n<p>Pudra noastr\u0103 de din\u021bi este \u00eembog\u0103\u021bit\u0103 cu argil\u0103 alb\u0103, calciu \u0219i zah\u0103r de mesteac\u0103n, ceea ce este excelent pentru albirea din\u021bilor \u0219i cur\u0103\u021barea delicat\u0103.<\/p>\n<\/div>\n<div dir=\"auto\">\n<p>Ceea ce este \u0219i mai special este c\u0103 face pu\u021bin spum\u0103 <span class=\"pq6dq46d tbxw36s4 knj5qynh kvgmc6g5 ditlmg2l oygrvhab nvdbi5me sf5mxxl7 gl3lb2sf hhz5lgdu\"><img loading=\"lazy\" decoding=\"async\" src=\"https:\/\/static.xx.fbcdn.net\/images\/emoji.php\/v9\/tfb\/1\/16\/263a.png\" alt=\"\u263a\ufe0f\" width=\"16\" height=\"16\" \/><\/span> <span class=\"pq6dq46d tbxw36s4 knj5qynh kvgmc6g5 ditlmg2l oygrvhab nvdbi5me sf5mxxl7 gl3lb2sf hhz5lgdu\"><span class=\"pq6dq46d tbxw36s4 knj5qynh kvgmc6g5 ditlmg2l oygrvhab nvdbi5me sf5mxxl7 gl3lb2sf hhz5lgdu\"><img loading=\"lazy\" decoding=\"async\" src=\"https:\/\/static.xx.fbcdn.net\/images\/emoji.php\/v9\/t4c\/1\/16\/1f642.png\" alt=\"\ud83d\ude42\" width=\"16\" height=\"16\" \/><\/span><\/span><\/p>\n<\/div>\n<\/div>\n<div dir=\"auto\">\n<p><img loading=\"lazy\" decoding=\"async\" class=\"alignnone size-medium wp-image-349\" src=\"https:\/\/binaturalproducts.com\/wp-content\/uploads\/2021\/08\/Nevtelen-terv-2-300x213.jpg\" alt=\"\" width=\"300\" height=\"213\" srcset=\"https:\/\/binaturalproducts.com\/wp-content\/uploads\/2021\/08\/Nevtelen-terv-2-300x213.jpg 300w, https:\/\/binaturalproducts.com\/wp-content\/uploads\/2021\/08\/Nevtelen-terv-2-1024x726.jpg 1024w, https:\/\/binaturalproducts.com\/wp-content\/uploads\/2021\/08\/Nevtelen-terv-2-768x545.jpg 768w, https:\/\/binaturalproducts.com\/wp-content\/uploads\/2021\/08\/Nevtelen-terv-2-1536x1090.jpg 1536w, https:\/\/binaturalproducts.com\/wp-content\/uploads\/2021\/08\/Nevtelen-terv-2-600x426.jpg 600w, https:\/\/binaturalproducts.com\/wp-content\/uploads\/2021\/08\/Nevtelen-terv-2.jpg 1748w\" sizes=\"auto, (max-width: 300px) 100vw, 300px\" \/><\/p>\n<p>Efectul de cur\u0103\u021bare \u0219i albire a din\u021bilor al pudrei de c\u0103rbune activ const\u0103 \u00een capacitatea sa de a lega murd\u0103ria \u0219i taninurile, cunoscut \u0219i sub numele de acid tanic, care poate fi acuzat pentru efectul de \u00eeng\u0103lbenire al cafelei, ceaiului, vinului ro\u0219u \u0219i altor alimente.<\/p>\n<\/div>\n<div class=\"o9v6fnle cxmmr5t8 oygrvhab hcukyx3x c1et5uql ii04i59q\">\n<div dir=\"auto\">\n<p>Argila alb\u0103 este antiseptic\u0103, plin\u0103 de minerale (magneziu, fier, siliciu, zinc, fosfor, cobalt, mangan, calciu etc.) care sunt benefice pentru \u00eengrijirea dentar\u0103.Uleiurile esen\u021biale de ment\u0103 sunt antibacteriene, antiinflamatorii, antivirale, r\u0103coritoare, tonifiante, analgezice.<\/p>\n<\/div>\n<\/div>\n<div dir=\"auto\"><b>Ingrediente principale: argil\u0103 alba, pudr\u0103 de calciu, zah\u0103r de mesteac\u0103n, c\u0103rbune activ medical, ulei de ment\u0103<\/b><\/div>\n<div class=\"o9v6fnle cxmmr5t8 oygrvhab hcukyx3x c1et5uql ii04i59q\">\n<div dir=\"auto\">\n<div dir=\"auto\"><strong><br \/>\nUtilizare<\/strong>\u00a0se aplic\u0103 pe periu\u021ba de din\u021bi umezit\u0103, dup\u0103 care se continu\u0103 cur\u0103\u021barea normal\u0103 a din\u021bilor.<\/div>\n<div dir=\"auto\">\n<p>NU CON\u021aINE: sls-, sles-, paraben-,propilen-glikol-, fluor-, aroma-, hidrogen-peroxid-, colorant-, szacharin-, triklozan.<\/p>\n<p><strong>Masa  25+-2\u00a0 gr\/ 70 ml <\/strong>(suficient pentru aproximativ 60-80 de sp\u0103l\u0103ri)<\/p>\n<\/div>\n<\/div>\n<\/div>","protected":false},"excerpt":{"rendered":"<p>Past\u0103 de din\u021bi  cu ment\u0103 proasp\u0103t\u0103 cu carbon activ medical pentru un z\u00e2mbet mai alb! De asemenea, ne-am \u00eembog\u0103\u021bit pudra de din\u021bi cu argil\u0103 ro\u0219ie, calciu \u0219i zah\u0103r de mesteac\u0103n, care este excelent\u0103 pentru albirea din\u021bilor \u0219i cur\u0103\u021barea delicat\u0103.<\/p>","protected":false},"featured_media":5369,"comment_status":"open","ping_status":"closed","template":"","meta":[],"product_brand":[],"product_cat":[45,27],"product_tag":[],"class_list":{"0":"post-345","1":"product","2":"type-product","3":"status-publish","4":"has-post-thumbnail","6":"product_cat-osszes","7":"product_cat-higienia","9":"first","10":"instock","11":"shipping-taxable","12":"purchasable","13":"product-type-simple"},"yoast_head":"<!-- This site is optimized with the Yoast SEO plugin v27.4 - https:\/\/yoast.com\/product\/yoast-seo-wordpress\/ -->\n<title>Nat\u00far fogtiszt\u00edt\u00f3 por orvosi akt\u00edv sz\u00e9nnel - Binaturalproducts<\/title>\n<meta name=\"description\" content=\"Friss ment\u00e1s narancsos\u00a0fogpor orvosi akt\u00edv\u00a0sz\u00e9nnel a feh\u00e9rebb mosoly\u00e9rt! Fogporunkat m\u00e9g v\u00f6r\u00f6s agyaggal, k\u00e0lciummal \u00e9s ny\u00edrfa cukorral d\u00fas\u00edtottuk.\" \/>\n<meta name=\"robots\" content=\"index, follow, max-snippet:-1, max-image-preview:large, max-video-preview:-1\" \/>\n<link rel=\"canonical\" href=\"https:\/\/binaturalproducts.com\/ro\/produs\/pudra-cu-carbune-activ-pentru-albirea-dintilor\/\" \/>\n<meta property=\"og:locale\" content=\"ro_RO\" \/>\n<meta property=\"og:type\" content=\"article\" \/>\n<meta property=\"og:title\" content=\"Nat\u00far fogtiszt\u00edt\u00f3 por orvosi akt\u00edv sz\u00e9nnel - Binaturalproducts\" \/>\n<meta property=\"og:description\" content=\"Friss ment\u00e1s narancsos\u00a0fogpor orvosi akt\u00edv\u00a0sz\u00e9nnel a feh\u00e9rebb mosoly\u00e9rt! Fogporunkat m\u00e9g v\u00f6r\u00f6s agyaggal, k\u00e0lciummal \u00e9s ny\u00edrfa cukorral d\u00fas\u00edtottuk.\" \/>\n<meta property=\"og:url\" content=\"https:\/\/binaturalproducts.com\/ro\/produs\/pudra-cu-carbune-activ-pentru-albirea-dintilor\/\" \/>\n<meta property=\"og:site_name\" content=\"Binaturalproducts\" \/>\n<meta property=\"article:modified_time\" content=\"2026-02-09T19:50:15+00:00\" \/>\n<meta property=\"og:image\" content=\"https:\/\/binaturalproducts.com\/wp-content\/uploads\/2021\/08\/IMG_20241104_195939-1.jpg\" \/>\n\t<meta property=\"og:image:width\" content=\"1920\" \/>\n\t<meta property=\"og:image:height\" content=\"1080\" \/>\n\t<meta property=\"og:image:type\" content=\"image\/jpeg\" \/>\n<meta name=\"twitter:card\" content=\"summary_large_image\" \/>\n<meta name=\"twitter:label1\" content=\"Timp estimat pentru citire\" \/>\n\t<meta name=\"twitter:data1\" content=\"2 minute\" \/>\n<script type=\"application\/ld+json\" class=\"yoast-schema-graph\">{\"@context\":\"https:\\\/\\\/schema.org\",\"@graph\":[{\"@type\":\"WebPage\",\"@id\":\"https:\\\/\\\/binaturalproducts.com\\\/termek\\\/natur-fogtisztito-por-orvosi-aktiv-szennel\\\/\",\"url\":\"https:\\\/\\\/binaturalproducts.com\\\/termek\\\/natur-fogtisztito-por-orvosi-aktiv-szennel\\\/\",\"name\":\"Nat\u00far fogtiszt\u00edt\u00f3 por orvosi akt\u00edv sz\u00e9nnel - Binaturalproducts\",\"isPartOf\":{\"@id\":\"https:\\\/\\\/binaturalproducts.com\\\/#website\"},\"primaryImageOfPage\":{\"@id\":\"https:\\\/\\\/binaturalproducts.com\\\/termek\\\/natur-fogtisztito-por-orvosi-aktiv-szennel\\\/#primaryimage\"},\"image\":{\"@id\":\"https:\\\/\\\/binaturalproducts.com\\\/termek\\\/natur-fogtisztito-por-orvosi-aktiv-szennel\\\/#primaryimage\"},\"thumbnailUrl\":\"https:\\\/\\\/binaturalproducts.com\\\/wp-content\\\/uploads\\\/2021\\\/08\\\/IMG_20241104_195939-1.jpg\",\"datePublished\":\"2021-08-20T13:34:17+00:00\",\"dateModified\":\"2026-02-09T19:50:15+00:00\",\"description\":\"Friss ment\u00e1s narancsos\u00a0fogpor orvosi akt\u00edv\u00a0sz\u00e9nnel a feh\u00e9rebb mosoly\u00e9rt! Fogporunkat m\u00e9g v\u00f6r\u00f6s agyaggal, k\u00e0lciummal \u00e9s ny\u00edrfa cukorral d\u00fas\u00edtottuk.\",\"breadcrumb\":{\"@id\":\"https:\\\/\\\/binaturalproducts.com\\\/termek\\\/natur-fogtisztito-por-orvosi-aktiv-szennel\\\/#breadcrumb\"},\"inLanguage\":\"ro-RO\",\"potentialAction\":[{\"@type\":\"ReadAction\",\"target\":[\"https:\\\/\\\/binaturalproducts.com\\\/termek\\\/natur-fogtisztito-por-orvosi-aktiv-szennel\\\/\"]}]},{\"@type\":\"ImageObject\",\"inLanguage\":\"ro-RO\",\"@id\":\"https:\\\/\\\/binaturalproducts.com\\\/termek\\\/natur-fogtisztito-por-orvosi-aktiv-szennel\\\/#primaryimage\",\"url\":\"https:\\\/\\\/binaturalproducts.com\\\/wp-content\\\/uploads\\\/2021\\\/08\\\/IMG_20241104_195939-1.jpg\",\"contentUrl\":\"https:\\\/\\\/binaturalproducts.com\\\/wp-content\\\/uploads\\\/2021\\\/08\\\/IMG_20241104_195939-1.jpg\",\"width\":1920,\"height\":1080},{\"@type\":\"BreadcrumbList\",\"@id\":\"https:\\\/\\\/binaturalproducts.com\\\/termek\\\/natur-fogtisztito-por-orvosi-aktiv-szennel\\\/#breadcrumb\",\"itemListElement\":[{\"@type\":\"ListItem\",\"position\":1,\"name\":\"Kezd\u0151lap\",\"item\":\"https:\\\/\\\/binaturalproducts.com\\\/\"},{\"@type\":\"ListItem\",\"position\":2,\"name\":\"\u00dczlet\",\"item\":\"https:\\\/\\\/binaturalproducts.com\\\/uzlet\\\/\"},{\"@type\":\"ListItem\",\"position\":3,\"name\":\"Nat\u00far fogtiszt\u00edt\u00f3 por orvosi akt\u00edv sz\u00e9nnel\"}]},{\"@type\":\"WebSite\",\"@id\":\"https:\\\/\\\/binaturalproducts.com\\\/#website\",\"url\":\"https:\\\/\\\/binaturalproducts.com\\\/\",\"name\":\"Binaturalproducts\",\"description\":\"Nat\u00far term\u00e9kek Erd\u00e9ly sz\u00edv\u00e9b\u0151l\",\"potentialAction\":[{\"@type\":\"SearchAction\",\"target\":{\"@type\":\"EntryPoint\",\"urlTemplate\":\"https:\\\/\\\/binaturalproducts.com\\\/?s={search_term_string}\"},\"query-input\":{\"@type\":\"PropertyValueSpecification\",\"valueRequired\":true,\"valueName\":\"search_term_string\"}}],\"inLanguage\":\"ro-RO\"}]}<\/script>\n<!-- \/ Yoast SEO plugin. -->","yoast_head_json":{"title":"Pudr\u0103 cu c\u0103rbune activ, pentru albirea din\u021bilor - Binaturalproducts","description":"Past\u0103 de din\u021bi portocale cu ment\u0103 proasp\u0103t\u0103 cu carbon activ medical pentru un z\u00e2mbet mai alb!","robots":{"index":"index","follow":"follow","max-snippet":"max-snippet:-1","max-image-preview":"max-image-preview:large","max-video-preview":"max-video-preview:-1"},"canonical":"https:\/\/binaturalproducts.com\/ro\/produs\/pudra-cu-carbune-activ-pentru-albirea-dintilor\/","og_locale":"ro_RO","og_type":"article","og_title":"Nat\u00far fogtiszt\u00edt\u00f3 por orvosi akt\u00edv sz\u00e9nnel - Binaturalproducts","og_description":"Friss ment\u00e1s narancsos\u00a0fogpor orvosi akt\u00edv\u00a0sz\u00e9nnel a feh\u00e9rebb mosoly\u00e9rt! Fogporunkat m\u00e9g v\u00f6r\u00f6s agyaggal, k\u00e0lciummal \u00e9s ny\u00edrfa cukorral d\u00fas\u00edtottuk.","og_url":"https:\/\/binaturalproducts.com\/ro\/produs\/pudra-cu-carbune-activ-pentru-albirea-dintilor\/","og_site_name":"Binaturalproducts","article_modified_time":"2026-02-09T19:50:15+00:00","og_image":[{"width":1920,"height":1080,"url":"https:\/\/binaturalproducts.com\/wp-content\/uploads\/2021\/08\/IMG_20241104_195939-1.jpg","type":"image\/jpeg"}],"twitter_card":"summary_large_image","twitter_misc":{"Timp estimat pentru citire":"2 minute"},"schema":{"@context":"https:\/\/schema.org","@graph":[{"@type":"WebPage","@id":"https:\/\/binaturalproducts.com\/termek\/natur-fogtisztito-por-orvosi-aktiv-szennel\/","url":"https:\/\/binaturalproducts.com\/termek\/natur-fogtisztito-por-orvosi-aktiv-szennel\/","name":"Pudr\u0103 cu c\u0103rbune activ, pentru albirea din\u021bilor - Binaturalproducts","isPartOf":{"@id":"https:\/\/binaturalproducts.com\/#website"},"primaryImageOfPage":{"@id":"https:\/\/binaturalproducts.com\/termek\/natur-fogtisztito-por-orvosi-aktiv-szennel\/#primaryimage"},"image":{"@id":"https:\/\/binaturalproducts.com\/termek\/natur-fogtisztito-por-orvosi-aktiv-szennel\/#primaryimage"},"thumbnailUrl":"https:\/\/binaturalproducts.com\/wp-content\/uploads\/2021\/08\/IMG_20241104_195939-1.jpg","datePublished":"2021-08-20T13:34:17+00:00","dateModified":"2026-02-09T19:50:15+00:00","description":"Past\u0103 de din\u021bi portocale cu ment\u0103 proasp\u0103t\u0103 cu carbon activ medical pentru un z\u00e2mbet mai alb!","breadcrumb":{"@id":"https:\/\/binaturalproducts.com\/termek\/natur-fogtisztito-por-orvosi-aktiv-szennel\/#breadcrumb"},"inLanguage":"ro-RO","potentialAction":[{"@type":"ReadAction","target":["https:\/\/binaturalproducts.com\/termek\/natur-fogtisztito-por-orvosi-aktiv-szennel\/"]}]},{"@type":"ImageObject","inLanguage":"ro-RO","@id":"https:\/\/binaturalproducts.com\/termek\/natur-fogtisztito-por-orvosi-aktiv-szennel\/#primaryimage","url":"https:\/\/binaturalproducts.com\/wp-content\/uploads\/2021\/08\/IMG_20241104_195939-1.jpg","contentUrl":"https:\/\/binaturalproducts.com\/wp-content\/uploads\/2021\/08\/IMG_20241104_195939-1.jpg","width":1920,"height":1080},{"@type":"BreadcrumbList","@id":"https:\/\/binaturalproducts.com\/termek\/natur-fogtisztito-por-orvosi-aktiv-szennel\/#breadcrumb","itemListElement":[{"@type":"ListItem","position":1,"name":"Kezd\u0151lap","item":"https:\/\/binaturalproducts.com\/"},{"@type":"ListItem","position":2,"name":"\u00dczlet","item":"https:\/\/binaturalproducts.com\/uzlet\/"},{"@type":"ListItem","position":3,"name":"Nat\u00far fogtiszt\u00edt\u00f3 por orvosi akt\u00edv sz\u00e9nnel"}]},{"@type":"WebSite","@id":"https:\/\/binaturalproducts.com\/#website","url":"https:\/\/binaturalproducts.com\/","name":"Binaturalproducts","description":"PRODUSE NATURALE DIN INIMA TRANSILVANIEI","potentialAction":[{"@type":"SearchAction","target":{"@type":"EntryPoint","urlTemplate":"https:\/\/binaturalproducts.com\/?s={search_term_string}"},"query-input":{"@type":"PropertyValueSpecification","valueRequired":true,"valueName":"search_term_string"}}],"inLanguage":"ro-RO"}]}},"_links":{"self":[{"href":"https:\/\/binaturalproducts.com\/ro\/wp-json\/wp\/v2\/product\/345","targetHints":{"allow":["GET"]}}],"collection":[{"href":"https:\/\/binaturalproducts.com\/ro\/wp-json\/wp\/v2\/product"}],"about":[{"href":"https:\/\/binaturalproducts.com\/ro\/wp-json\/wp\/v2\/types\/product"}],"replies":[{"embeddable":true,"href":"https:\/\/binaturalproducts.com\/ro\/wp-json\/wp\/v2\/comments?post=345"}],"wp:featuredmedia":[{"embeddable":true,"href":"https:\/\/binaturalproducts.com\/ro\/wp-json\/wp\/v2\/media\/5369"}],"wp:attachment":[{"href":"https:\/\/binaturalproducts.com\/ro\/wp-json\/wp\/v2\/media?parent=345"}],"wp:term":[{"taxonomy":"product_brand","embeddable":true,"href":"https:\/\/binaturalproducts.com\/ro\/wp-json\/wp\/v2\/product_brand?post=345"},{"taxonomy":"product_cat","embeddable":true,"href":"https:\/\/binaturalproducts.com\/ro\/wp-json\/wp\/v2\/product_cat?post=345"},{"taxonomy":"product_tag","embeddable":true,"href":"https:\/\/binaturalproducts.com\/ro\/wp-json\/wp\/v2\/product_tag?post=345"}],"curies":[{"name":"wp","href":"https:\/\/api.w.org\/{rel}","templated":true}]}}